{"id":2412,"date":"2021-02-03T10:16:36","date_gmt":"2021-02-03T09:16:36","guid":{"rendered":"https:\/\/tmg.musin.de\/?page_id=2412"},"modified":"2026-01-13T16:49:50","modified_gmt":"2026-01-13T16:49:50","slug":"deutschfoerderkurse-2","status":"publish","type":"page","link":"https:\/\/tmg.m-bildung.de\/?page_id=2412","title":{"rendered":"Deutschf\u00f6rderkurse"},"content":{"rendered":"<p>Unsere Deutschf\u00f6rderkurse bieten die M\u00f6glichkeit, Sch\u00fcler\/-innen mit sprachlichen Leistungsnachteilen eine Stunde pro Woche gezielt zu unterst\u00fctzen, wobei das F\u00f6rderangebot eindeutig darauf ausgerichtet ist, die schriftlichen Sprachkompetenzen zu verbessern. Grundlage des Besuchs ist die Empfehlung der Deutschlehrkraft in Form eines Elternbriefs sowie die verbindliche Anmeldung, die zum regelm\u00e4\u00dfigen Besuch verpflichtet. Zurzeit bieten wir folgende F\u00f6rderkurse an:<\/p>\n<p>&nbsp;<\/p>\n<ul>\n<li style=\"list-style-type: none;\">\n<ul>\n<li><em>Jahrgangsstufe 5 (2 Kurse)<\/em><\/li>\n<\/ul>\n<\/li>\n<\/ul>\n<ul>\n<li style=\"list-style-type: none;\">\n<ul>\n<li><em>Jahrgangsstufe 6 (2 Kurse)<\/em><\/li>\n<\/ul>\n<\/li>\n<\/ul>\n<ul>\n<li style=\"list-style-type: none;\">\n<ul>\n<li><em>Jahrgangsstufe 7\/8 (1 Kurs)<\/em><\/li>\n<\/ul>\n<\/li>\n<\/ul>\n<ul>\n<li style=\"list-style-type: none;\">\n<ul>\n<li><em>Jahrgangsstufe 9\/10 (1 Kurs)<\/em><\/li>\n<\/ul>\n<\/li>\n<\/ul>\n<p>Die Deutschf\u00f6rderkurse finden in kleinen Lerngruppen von maximal 12 Sch\u00fcler\/-innen, in den Jahrgangsstufen 7-10 in Form eines Coachings statt, was uns eine individuelle Betreuung und ein binnendifferenziertes Eingehen auf die sprachlichen Schwachstellen erm\u00f6glicht. Allerdings kann eine solche F\u00f6rderstunde nur wirksame Impulse geben, wenn die Sch\u00fcler\/-innen auch ansonsten an ihren sprachlichen Schw\u00e4chen arbeiten: <em>ohne Flei\u00df kein Preis!<\/em><\/p>\n<p>Erfahrungsgem\u00e4\u00df liegt der Schwerpunkt der F\u00f6rderung auf folgenden sprachlichen Ph\u00e4nomenen:\u00a0<\/p>\n<ul>\n<li style=\"list-style-type: none;\">\n<ul>\n<li>Rechtschreibung und Kommasetzung<\/li>\n<\/ul>\n<\/li>\n<\/ul>\n<ul>\n<li style=\"list-style-type: none;\">\n<ul>\n<li>Deklination der Nomen und Adjektive<\/li>\n<\/ul>\n<\/li>\n<\/ul>\n<ul>\n<li style=\"list-style-type: none;\">\n<ul>\n<li>logische Bez\u00fcge bei Pronomen und Konjunktionen<\/li>\n<\/ul>\n<\/li>\n<\/ul>\n<ul>\n<li style=\"list-style-type: none;\">\n<ul>\n<li>Satzverkn\u00fcpfungen und Satzbau<\/li>\n<\/ul>\n<\/li>\n<\/ul>\n<ul>\n<li style=\"list-style-type: none;\">\n<ul>\n<li>innere Gliederung und Textaufbau (Schulaufgabenvorbereitung)<\/li>\n<\/ul>\n<\/li>\n<\/ul>\n<ul>\n<li style=\"list-style-type: none;\">\n<ul>\n<li>Wortschatz und angemessener Stil<\/li>\n<\/ul>\n<\/li>\n<\/ul>\n<p>Hilfreiche Hinweise auf \u00dcbungsmaterialien f\u00fcr Sch\u00fcler\/-innen, die zu Hause an ihren sprachlichen F\u00e4higkeiten arbeiten m\u00f6chten, finden sich unter <a href=\"https:\/\/tmg.m-bildung.de\/?page_id=2322\" data-type=\"page\" data-id=\"2322\">weiterf\u00fchrende Links<\/a>.<\/p>\n\n\n<p><\/p>\n","protected":false},"excerpt":{"rendered":"<p>Unsere Deutschf\u00f6rderkurse bieten die M\u00f6glichkeit, Sch\u00fcler\/-innen mit sprachlichen Leistungsnachteilen eine Stunde pro Woche gezielt zu unterst\u00fctzen, wobei das F\u00f6rderangebot eindeutig darauf ausgerichtet ist, die schriftlichen Sprachkompetenzen zu verbessern. Grundlage des Besuchs ist die Empfehlung der Deutschlehrkraft in Form eines Elternbriefs &hellip; <a href=\"https:\/\/tmg.m-bildung.de\/?page_id=2412\">Weiterlesen <span class=\"meta-nav\">&rarr;<\/span><\/a><\/p>\n","protected":false},"author":1,"featured_media":0,"parent":0,"menu_order":0,"comment_status":"closed","ping_status":"closed","template":"sidebar-page.php","meta":{"footnotes":""},"class_list":["post-2412","page","type-page","status-publish","hentry"],"_links":{"self":[{"href":"https:\/\/tmg.m-bildung.de\/index.php?rest_route=\/wp\/v2\/pages\/2412","targetHints":{"allow":["GET"]}}],"collection":[{"href":"https:\/\/tmg.m-bildung.de\/index.php?rest_route=\/wp\/v2\/pages"}],"about":[{"href":"https:\/\/tmg.m-bildung.de\/index.php?rest_route=\/wp\/v2\/types\/page"}],"author":[{"embeddable":true,"href":"https:\/\/tmg.m-bildung.de\/index.php?rest_route=\/wp\/v2\/users\/1"}],"replies":[{"embeddable":true,"href":"https:\/\/tmg.m-bildung.de\/index.php?rest_route=%2Fwp%2Fv2%2Fcomments&post=2412"}],"version-history":[{"count":2,"href":"https:\/\/tmg.m-bildung.de\/index.php?rest_route=\/wp\/v2\/pages\/2412\/revisions"}],"predecessor-version":[{"id":5589,"href":"https:\/\/tmg.m-bildung.de\/index.php?rest_route=\/wp\/v2\/pages\/2412\/revisions\/5589"}],"wp:attachment":[{"href":"https:\/\/tmg.m-bildung.de\/index.php?rest_route=%2Fwp%2Fv2%2Fmedia&parent=2412"}],"curies":[{"name":"wp","href":"https:\/\/api.w.org\/{rel}","templated":true}]}}